  {"id":5804,"date":"2016-06-23T13:20:37","date_gmt":"2016-06-23T12:20:37","guid":{"rendered":"https:\/\/www.accord-langues.com\/adult-french-language-courses-paris\/"},"modified":"2026-03-25T09:01:03","modified_gmt":"2026-03-25T09:01:03","slug":"franzoesischkurs-in-paris","status":"publish","type":"page","link":"https:\/\/www.accord-langues.com\/de\/franzoesischkurs-in-paris\/","title":{"rendered":"Franz\u00f6sischkurs in Paris"},"content":{"rendered":"<div class=\"wpb-content-wrapper\"><p>[vc_row full_width=&#8220;stretch_row&#8220; content_placement=&#8220;middle&#8220; css=&#8220;.vc_custom_1509009556865{background-image: url(https:\/\/www.accord-langues.com\/wp-content\/uploads\/2016\/10\/adult-course.jpg?id=348) !important;background-position: center !important;background-repeat: no-repeat !important;background-size: cover !important;}&#8220; el_class=&#8220;header-image&#8220;][vc_column width=&#8220;2\/3&#8243; offset=&#8220;vc_col-sm-offset-2&#8243;][vc_column_text]<\/p>\n<h1>Franz\u00f6sischkurse in Paris f\u00fcr Erwachsene<\/h1>\n<p><strong>Franz\u00f6sischkurse bei ÃÛÌÒ´«Ã½ Paris in Frankreich<\/strong><br \/>\n<strong>DELF- und DALF-Vorbereitungskurse und -Unterricht<\/strong><br \/>\n<strong>An der ÃÛÌÒ´«Ã½ Sprachschule in Paris Franz\u00f6sisch lernen<\/strong><br \/>\n<strong>Franz\u00f6sisch-Intensiv- und Semi-Intensivkurse<\/strong>[\/vc_column_text][vc_btn title=&#8220;W\u00e4hlen Sie Ihren Kurs&#8220; shape=&#8220;square&#8220; color=&#8220;orange&#8220; align=&#8220;center&#8220; link=&#8220;url:%23adult-courses|||&#8220;][\/vc_column][\/vc_row][vc_row][vc_column][vc_column_text]<\/p>\n<h2 style=\"text-align: center; margin-bottom: 0px;\"><span style=\"color: #ff6600;\">Franz\u00f6sischkurs in Paris<\/span><\/h2>\n<p>[\/vc_column_text][vc_row_inner el_id=&#8220;adult-courses&#8220;][vc_column_inner width=&#8220;1\/2&#8243; offset=&#8220;vc_col-lg-offset-2 vc_col-lg-4 vc_col-md-offset-2 vc_col-md-4&#8243;][vc_column_text]<\/p>\n<ul class=\"ticks\">\n<li><a href=\"#intensive\">Franz\u00f6sisch-Intensivkurse<\/a><\/li>\n<li><a href=\"#focused\">Franz\u00f6sisch-Schwerpunktkurse<\/a><\/li>\n<li><a href=\"#delf-dalf\">DELF-\/DALF-Pr\u00fcfungsvorbereitungskurse<\/a><\/li>\n<li><a href=\"#exam\">Franz\u00f6sisch-Pr\u00fcfungsvorbereitungskurse<\/a><\/li>\n<\/ul>\n<p>[\/vc_column_text][\/vc_column_inner][vc_column_inner width=&#8220;1\/2&#8243; offset=&#8220;vc_col-lg-4 vc_col-md-4&#8243;][vc_column_text]<\/p>\n<ul class=\"ticks\">\n<li><a href=\"#semi-intensive\">Franz\u00f6sisch Intensiv und Semi-intensiv Nachmittagskurse<\/a><\/li>\n<li><a href=\"#workshops\">Workshops \/ Franz\u00f6sisch-Schwerpunktunterricht am Nachmittag<\/a><\/li>\n<li><a href=\"#professionals\">Franz\u00f6sischkurse f\u00fcr Fachkr\u00e4fte<\/a><\/li>\n<\/ul>\n<p>[\/vc_column_text][\/vc_column_inner][\/vc_row_inner][\/vc_column][\/vc_row][vc_row full_width=&#8220;stretch_row&#8220; css=&#8220;.vc_custom_1517243376296{padding-top: 20px !important;background-color: #f0f0f0 !important;}&#8220;][vc_column][vc_column_text css=&#8220;.vc_custom_1636393960947{margin-bottom: 40px !important;}&#8220;]<\/p>\n<h3 id=\"intensive\" style=\"text-align: center;\">Franz\u00f6sischkurs in Paris: Franz\u00f6sisch-Intensivkurse<\/h3>\n<p>[\/vc_column_text]\n    <div class=\"RFPostsGrid Course__list \">\n        <div class=\"RFPostsGrid__sizer col-lg-4 col-md-4 col-sm-6 col-xs-12\"><\/div>\n                                <div class=\"RFPostsGrid__item col-lg-4 col-md-4 col-sm-6 col-xs-12\">\n                <div class=\"RFPostsGrid__inner\">\n\n                    <div class=\"Course__item\">\n                        <div class=\"Course__header\">\n                            <a href=\"https:\/\/www.accord-langues.com\/de\/kurs\/franzoesisch-intensivkurs-in-paris\/\" class=\"h2-like\" style=\"display:block;min-height: 76px;\">Franz\u00f6sisch-Intensivkurs in Paris (20 St.)<\/a>\n                        <\/div>\n\n                        <div class=\"Course__details\">\n                            <div class=\"row\">\n                                <div class=\"Course__lessons col-xs-4\">\n                                    <img decoding=\"async\" src=\"https:\/\/www.accord-langues.com\/wp-content\/uploads\/2016\/10\/lessons-icon.gif\">\n                                    <br>\n                                    26  Unterricht                                <\/div>\n                                <div class=\"Course__hours col-xs-4\">\n                                    <img decoding=\"async\" src=\"https:\/\/www.accord-langues.com\/wp-content\/uploads\/2016\/10\/hours-icon.gif\">\n                                    <br>\n                                    20  Stunden                                <\/div>\n                                <div class=\"Course__size col-xs-4\">\n                                    <img decoding=\"async\" src=\"https:\/\/www.accord-langues.com\/wp-content\/uploads\/2016\/10\/students-icon.gif\">\n                                    <br>\n                                    max. 14                                <\/div>\n                            <\/div>\n                        <\/div>\n\n                        <div class=\"Course__description\" style=\"height: auto !important;\">\n<!--                            -->                            <div class=\"Course_from\">\n                                <b>ab \u20ac350,00<\/b>\n                            <\/div>\n                        <\/div>\n\n                        <div class=\"Course__footer\">\n                            <a class=\"btn btn-primary\" href=\"https:\/\/www.accord-langues.com\/de\/buchung-fuer-erwachsene\/\"> Jetzt buchen<\/a>\n                            <a class=\"btn btn-default pull-right\" onclick='window.location.href = \"https:\/\/www.accord-langues.com\/de\/kurs\/franzoesisch-intensivkurs-in-paris\/\"'> Informationen<\/a>\n                        <\/div>\n                    <\/div>\n\n                <\/div>\n            <\/div>\n                                <div class=\"RFPostsGrid__item col-lg-4 col-md-4 col-sm-6 col-xs-12\">\n                <div class=\"RFPostsGrid__inner\">\n\n                    <div class=\"Course__item\">\n                        <div class=\"Course__header\">\n                            <a href=\"https:\/\/www.accord-langues.com\/de\/kurs\/franzoesisch-intensivkurs-b-23-stunden-in-paris\/\" class=\"h2-like\" style=\"display:block;min-height: 76px;\">B-Franz\u00f6sisch-Intensivkurs (23 St.)<\/a>\n                        <\/div>\n\n                        <div class=\"Course__details\">\n                            <div class=\"row\">\n                                <div class=\"Course__lessons col-xs-4\">\n                                    <img decoding=\"async\" src=\"https:\/\/www.accord-langues.com\/wp-content\/uploads\/2016\/10\/lessons-icon.gif\">\n                                    <br>\n                                    30  Unterricht                                <\/div>\n                                <div class=\"Course__hours col-xs-4\">\n                                    <img decoding=\"async\" src=\"https:\/\/www.accord-langues.com\/wp-content\/uploads\/2016\/10\/hours-icon.gif\">\n                                    <br>\n                                    23  Stunden                                <\/div>\n                                <div class=\"Course__size col-xs-4\">\n                                    <img decoding=\"async\" src=\"https:\/\/www.accord-langues.com\/wp-content\/uploads\/2016\/10\/students-icon.gif\">\n                                    <br>\n                                    max. 14                                <\/div>\n                            <\/div>\n                        <\/div>\n\n                        <div class=\"Course__description\" style=\"height: auto !important;\">\n<!--                            -->                            <div class=\"Course_from\">\n                                <b>ab \u20ac385,00<\/b>\n                            <\/div>\n                        <\/div>\n\n                        <div class=\"Course__footer\">\n                            <a class=\"btn btn-primary\" href=\"https:\/\/www.accord-langues.com\/de\/buchung-fuer-erwachsene\/\"> Jetzt buchen<\/a>\n                            <a class=\"btn btn-default pull-right\" onclick='window.location.href = \"https:\/\/www.accord-langues.com\/de\/kurs\/franzoesisch-intensivkurs-b-23-stunden-in-paris\/\"'> Informationen<\/a>\n                        <\/div>\n                    <\/div>\n\n                <\/div>\n            <\/div>\n                                <div class=\"RFPostsGrid__item col-lg-4 col-md-4 col-sm-6 col-xs-12\">\n                <div class=\"RFPostsGrid__inner\">\n\n                    <div class=\"Course__item\">\n                        <div class=\"Course__header\">\n                            <a href=\"https:\/\/www.accord-langues.com\/de\/kurs\/franzoesisch-intensivkurs-c-in-paris\/\" class=\"h2-like\" style=\"display:block;min-height: 76px;\">C-Franz\u00f6sisch-Intensivkurs (26 St.)<\/a>\n                        <\/div>\n\n                        <div class=\"Course__details\">\n                            <div class=\"row\">\n                                <div class=\"Course__lessons col-xs-4\">\n                                    <img decoding=\"async\" src=\"https:\/\/www.accord-langues.com\/wp-content\/uploads\/2016\/10\/lessons-icon.gif\">\n                                    <br>\n                                    34  Unterricht                                <\/div>\n                                <div class=\"Course__hours col-xs-4\">\n                                    <img decoding=\"async\" src=\"https:\/\/www.accord-langues.com\/wp-content\/uploads\/2016\/10\/hours-icon.gif\">\n                                    <br>\n                                    26  Stunden                                <\/div>\n                                <div class=\"Course__size col-xs-4\">\n                                    <img decoding=\"async\" src=\"https:\/\/www.accord-langues.com\/wp-content\/uploads\/2016\/10\/students-icon.gif\">\n                                    <br>\n                                    max. 14                                <\/div>\n                            <\/div>\n                        <\/div>\n\n                        <div class=\"Course__description\" style=\"height: auto !important;\">\n<!--                            -->                            <div class=\"Course_from\">\n                                <b>ab \u20ac415,00<\/b>\n                            <\/div>\n                        <\/div>\n\n                        <div class=\"Course__footer\">\n                            <a class=\"btn btn-primary\" href=\"https:\/\/www.accord-langues.com\/de\/buchung-fuer-erwachsene\/\"> Jetzt buchen<\/a>\n                            <a class=\"btn btn-default pull-right\" onclick='window.location.href = \"https:\/\/www.accord-langues.com\/de\/kurs\/franzoesisch-intensivkurs-c-in-paris\/\"'> Informationen<\/a>\n                        <\/div>\n                    <\/div>\n\n                <\/div>\n            <\/div>\n                                <div class=\"RFPostsGrid__item col-lg-4 col-md-4 col-sm-6 col-xs-12\">\n                <div class=\"RFPostsGrid__inner\">\n\n                    <div class=\"Course__item\">\n                        <div class=\"Course__header\">\n                            <a href=\"https:\/\/www.accord-langues.com\/de\/kurs\/franzoesisch-intensivkurs-d\/\" class=\"h2-like\" style=\"display:block;min-height: 76px;\">D-Franz\u00f6sisch-Intensivkurs (29 St.)<\/a>\n                        <\/div>\n\n                        <div class=\"Course__details\">\n                            <div class=\"row\">\n                                <div class=\"Course__lessons col-xs-4\">\n                                    <img decoding=\"async\" src=\"https:\/\/www.accord-langues.com\/wp-content\/uploads\/2016\/10\/lessons-icon.gif\">\n                                    <br>\n                                    38  Unterricht                                <\/div>\n                                <div class=\"Course__hours col-xs-4\">\n                                    <img decoding=\"async\" src=\"https:\/\/www.accord-langues.com\/wp-content\/uploads\/2016\/10\/hours-icon.gif\">\n                                    <br>\n                                    29  Stunden                                <\/div>\n                                <div class=\"Course__size col-xs-4\">\n                                    <img decoding=\"async\" src=\"https:\/\/www.accord-langues.com\/wp-content\/uploads\/2016\/10\/students-icon.gif\">\n                                    <br>\n                                    max. 14                                <\/div>\n                            <\/div>\n                        <\/div>\n\n                        <div class=\"Course__description\" style=\"height: auto !important;\">\n<!--                            -->                            <div class=\"Course_from\">\n                                <b>ab \u20ac455,00<\/b>\n                            <\/div>\n                        <\/div>\n\n                        <div class=\"Course__footer\">\n                            <a class=\"btn btn-primary\" href=\"https:\/\/www.accord-langues.com\/de\/buchung-fuer-erwachsene\/\"> Jetzt buchen<\/a>\n                            <a class=\"btn btn-default pull-right\" onclick='window.location.href = \"https:\/\/www.accord-langues.com\/de\/kurs\/franzoesisch-intensivkurs-d\/\"'> Informationen<\/a>\n                        <\/div>\n                    <\/div>\n\n                <\/div>\n            <\/div>\n                                <div class=\"RFPostsGrid__item col-lg-4 col-md-4 col-sm-6 col-xs-12\">\n                <div class=\"RFPostsGrid__inner\">\n\n                    <div class=\"Course__item\">\n                        <div class=\"Course__header\">\n                            <a href=\"https:\/\/www.accord-langues.com\/de\/kurs\/franzoesisch-superintensivkurs-g\/\" class=\"h2-like\" style=\"display:block;min-height: 76px;\">Super intensiver Franz\u00f6sisch Sprachkurs: G-Kurs (32 St.)<\/a>\n                        <\/div>\n\n                        <div class=\"Course__details\">\n                            <div class=\"row\">\n                                <div class=\"Course__lessons col-xs-4\">\n                                    <img decoding=\"async\" src=\"https:\/\/www.accord-langues.com\/wp-content\/uploads\/2016\/10\/lessons-icon.gif\">\n                                    <br>\n                                    42  Unterricht                                <\/div>\n                                <div class=\"Course__hours col-xs-4\">\n                                    <img decoding=\"async\" src=\"https:\/\/www.accord-langues.com\/wp-content\/uploads\/2016\/10\/hours-icon.gif\">\n                                    <br>\n                                    32  Stunden                                <\/div>\n                                <div class=\"Course__size col-xs-4\">\n                                    <img decoding=\"async\" src=\"https:\/\/www.accord-langues.com\/wp-content\/uploads\/2016\/10\/students-icon.gif\">\n                                    <br>\n                                    max. 14                                <\/div>\n                            <\/div>\n                        <\/div>\n\n                        <div class=\"Course__description\" style=\"height: auto !important;\">\n<!--                            -->                            <div class=\"Course_from\">\n                                <b>ab \u20ac485,00<\/b>\n                            <\/div>\n                        <\/div>\n\n                        <div class=\"Course__footer\">\n                            <a class=\"btn btn-primary\" href=\"https:\/\/www.accord-langues.com\/de\/buchung-fuer-erwachsene\/\"> Jetzt buchen<\/a>\n                            <a class=\"btn btn-default pull-right\" onclick='window.location.href = \"https:\/\/www.accord-langues.com\/de\/kurs\/franzoesisch-superintensivkurs-g\/\"'> Informationen<\/a>\n                        <\/div>\n                    <\/div>\n\n                <\/div>\n            <\/div>\n                                <div class=\"RFPostsGrid__item col-lg-4 col-md-4 col-sm-6 col-xs-12\">\n                <div class=\"RFPostsGrid__inner\">\n\n                    <div class=\"Course__item\">\n                        <div class=\"Course__header\">\n                            <a href=\"https:\/\/www.accord-langues.com\/de\/kurs\/franzoesisch-superintensivkurs-e-in-paris\/\" class=\"h2-like\" style=\"display:block;min-height: 76px;\">Franz\u00f6sisch-Superintensivkurs E in Paris (35 St.)<\/a>\n                        <\/div>\n\n                        <div class=\"Course__details\">\n                            <div class=\"row\">\n                                <div class=\"Course__lessons col-xs-4\">\n                                    <img decoding=\"async\" src=\"https:\/\/www.accord-langues.com\/wp-content\/uploads\/2016\/10\/lessons-icon.gif\">\n                                    <br>\n                                    46  Unterricht                                <\/div>\n                                <div class=\"Course__hours col-xs-4\">\n                                    <img decoding=\"async\" src=\"https:\/\/www.accord-langues.com\/wp-content\/uploads\/2016\/10\/hours-icon.gif\">\n                                    <br>\n                                    35  Stunden                                <\/div>\n                                <div class=\"Course__size col-xs-4\">\n                                    <img decoding=\"async\" src=\"https:\/\/www.accord-langues.com\/wp-content\/uploads\/2016\/10\/students-icon.gif\">\n                                    <br>\n                                    max. 14                                <\/div>\n                            <\/div>\n                        <\/div>\n\n                        <div class=\"Course__description\" style=\"height: auto !important;\">\n<!--                            -->                            <div class=\"Course_from\">\n                                <b>ab \u20ac515,00<\/b>\n                            <\/div>\n                        <\/div>\n\n                        <div class=\"Course__footer\">\n                            <a class=\"btn btn-primary\" href=\"https:\/\/www.accord-langues.com\/de\/buchung-fuer-erwachsene\/\"> Jetzt buchen<\/a>\n                            <a class=\"btn btn-default pull-right\" onclick='window.location.href = \"https:\/\/www.accord-langues.com\/de\/kurs\/franzoesisch-superintensivkurs-e-in-paris\/\"'> Informationen<\/a>\n                        <\/div>\n                    <\/div>\n\n                <\/div>\n            <\/div>\n            <\/div>\n[vc_separator][\/vc_column][\/vc_row][vc_row full_width=&#8220;stretch_row&#8220; css=&#8220;.vc_custom_1517241482906{background-color: #f0f0f0 !important;}&#8220;][vc_column][vc_column_text css=&#8220;.vc_custom_1548943536691{margin-bottom: 40px !important;}&#8220;]<\/p>\n<h3 id=\"focused\" style=\"text-align: center;\">Franz\u00f6sisch-Schwerpunktkurse<\/h3>\n<p>[\/vc_column_text]\n    <div class=\"RFPostsGrid Course__list \">\n        <div class=\"RFPostsGrid__sizer col-lg-4 col-md-4 col-sm-6 col-xs-12\"><\/div>\n                                <div class=\"RFPostsGrid__item col-lg-4 col-md-4 col-sm-6 col-xs-12\">\n                <div class=\"RFPostsGrid__inner\">\n\n                    <div class=\"Course__item\">\n                        <div class=\"Course__header\">\n                            <a href=\"https:\/\/www.accord-langues.com\/de\/kurs\/franzoesische-kulturkurse-in-frankreich\/\" class=\"h2-like\" style=\"display:block;min-height: 76px;\">Franz\u00f6sische Kulturkurse in Frankreich (26 St.)<\/a>\n                        <\/div>\n\n                        <div class=\"Course__details\">\n                            <div class=\"row\">\n                                <div class=\"Course__lessons col-xs-4\">\n                                    <img decoding=\"async\" src=\"https:\/\/www.accord-langues.com\/wp-content\/uploads\/2016\/10\/lessons-icon.gif\">\n                                    <br>\n                                    34  Unterricht                                <\/div>\n                                <div class=\"Course__hours col-xs-4\">\n                                    <img decoding=\"async\" src=\"https:\/\/www.accord-langues.com\/wp-content\/uploads\/2016\/10\/hours-icon.gif\">\n                                    <br>\n                                    26  Stunden                                <\/div>\n                                <div class=\"Course__size col-xs-4\">\n                                    <img decoding=\"async\" src=\"https:\/\/www.accord-langues.com\/wp-content\/uploads\/2016\/10\/students-icon.gif\">\n                                    <br>\n                                    max. 14                                <\/div>\n                            <\/div>\n                        <\/div>\n\n                        <div class=\"Course__description\" style=\"height: auto !important;\">\n<!--                            -->                            <div class=\"Course_from\">\n                                <b>ab \u20ac415,00<\/b>\n                            <\/div>\n                        <\/div>\n\n                        <div class=\"Course__footer\">\n                            <a class=\"btn btn-primary\" href=\"https:\/\/www.accord-langues.com\/de\/buchung-fuer-erwachsene\/\"> Jetzt buchen<\/a>\n                            <a class=\"btn btn-default pull-right\" onclick='window.location.href = \"https:\/\/www.accord-langues.com\/de\/kurs\/franzoesische-kulturkurse-in-frankreich\/\"'> Informationen<\/a>\n                        <\/div>\n                    <\/div>\n\n                <\/div>\n            <\/div>\n                                <div class=\"RFPostsGrid__item col-lg-4 col-md-4 col-sm-6 col-xs-12\">\n                <div class=\"RFPostsGrid__inner\">\n\n                    <div class=\"Course__item\">\n                        <div class=\"Course__header\">\n                            <a href=\"https:\/\/www.accord-langues.com\/de\/kurs\/franzoesischkurs-muendliche-kommunikation\/\" class=\"h2-like\" style=\"display:block;min-height: 76px;\">M\u00fcndliche Franz\u00f6sischkurse in Frankreich<\/a>\n                        <\/div>\n\n                        <div class=\"Course__details\">\n                            <div class=\"row\">\n                                <div class=\"Course__lessons col-xs-4\">\n                                    <img decoding=\"async\" src=\"https:\/\/www.accord-langues.com\/wp-content\/uploads\/2016\/10\/lessons-icon.gif\">\n                                    <br>\n                                    34  Unterricht                                <\/div>\n                                <div class=\"Course__hours col-xs-4\">\n                                    <img decoding=\"async\" src=\"https:\/\/www.accord-langues.com\/wp-content\/uploads\/2016\/10\/hours-icon.gif\">\n                                    <br>\n                                    26  Stunden                                <\/div>\n                                <div class=\"Course__size col-xs-4\">\n                                    <img decoding=\"async\" src=\"https:\/\/www.accord-langues.com\/wp-content\/uploads\/2016\/10\/students-icon.gif\">\n                                    <br>\n                                    max. 14                                <\/div>\n                            <\/div>\n                        <\/div>\n\n                        <div class=\"Course__description\" style=\"height: auto !important;\">\n<!--                            -->                            <div class=\"Course_from\">\n                                <b>ab \u20ac415,00<\/b>\n                            <\/div>\n                        <\/div>\n\n                        <div class=\"Course__footer\">\n                            <a class=\"btn btn-primary\" href=\"https:\/\/www.accord-langues.com\/de\/buchung-fuer-erwachsene\/\"> Jetzt buchen<\/a>\n                            <a class=\"btn btn-default pull-right\" onclick='window.location.href = \"https:\/\/www.accord-langues.com\/de\/kurs\/franzoesischkurs-muendliche-kommunikation\/\"'> Informationen<\/a>\n                        <\/div>\n                    <\/div>\n\n                <\/div>\n            <\/div>\n                                <div class=\"RFPostsGrid__item col-lg-4 col-md-4 col-sm-6 col-xs-12\">\n                <div class=\"RFPostsGrid__inner\">\n\n                    <div class=\"Course__item\">\n                        <div class=\"Course__header\">\n                            <a href=\"https:\/\/www.accord-langues.com\/de\/kurs\/franzoesische-grammatikkurse-in-frankreich\/\" class=\"h2-like\" style=\"display:block;min-height: 76px;\">Franz\u00f6sische Grammatikkurse in Frankreich<\/a>\n                        <\/div>\n\n                        <div class=\"Course__details\">\n                            <div class=\"row\">\n                                <div class=\"Course__lessons col-xs-4\">\n                                    <img decoding=\"async\" src=\"https:\/\/www.accord-langues.com\/wp-content\/uploads\/2016\/10\/lessons-icon.gif\">\n                                    <br>\n                                    38  Unterricht                                <\/div>\n                                <div class=\"Course__hours col-xs-4\">\n                                    <img decoding=\"async\" src=\"https:\/\/www.accord-langues.com\/wp-content\/uploads\/2016\/10\/hours-icon.gif\">\n                                    <br>\n                                    29  Stunden                                <\/div>\n                                <div class=\"Course__size col-xs-4\">\n                                    <img decoding=\"async\" src=\"https:\/\/www.accord-langues.com\/wp-content\/uploads\/2016\/10\/students-icon.gif\">\n                                    <br>\n                                    max. 14                                <\/div>\n                            <\/div>\n                        <\/div>\n\n                        <div class=\"Course__description\" style=\"height: auto !important;\">\n<!--                            -->                            <div class=\"Course_from\">\n                                <b>ab \u20ac455,00<\/b>\n                            <\/div>\n                        <\/div>\n\n                        <div class=\"Course__footer\">\n                            <a class=\"btn btn-primary\" href=\"https:\/\/www.accord-langues.com\/de\/buchung-fuer-erwachsene\/\"> Jetzt buchen<\/a>\n                            <a class=\"btn btn-default pull-right\" onclick='window.location.href = \"https:\/\/www.accord-langues.com\/de\/kurs\/franzoesische-grammatikkurse-in-frankreich\/\"'> Informationen<\/a>\n                        <\/div>\n                    <\/div>\n\n                <\/div>\n            <\/div>\n            <\/div>\n[vc_separator][\/vc_column][\/vc_row][vc_row full_width=&#8220;stretch_row&#8220; css=&#8220;.vc_custom_1517241482906{background-color: #f0f0f0 !important;}&#8220;][vc_column offset=&#8220;vc_col-lg-offset-2 vc_col-lg-8 vc_col-md-offset-2 vc_col-md-8&#8243;][vc_column_text css=&#8220;.vc_custom_1636393975967{margin-bottom: 40px !important;}&#8220;]<\/p>\n<h3 id=\"delf-dalf\" style=\"text-align: center;\">Franz\u00f6sischkurs in Paris: DELF-\/DALF-Pr\u00fcfungsvorbereitungskurse<\/h3>\n<p>[\/vc_column_text]\n    <div class=\"RFPostsGrid Course__list \">\n        <div class=\"RFPostsGrid__sizer col-lg-6 col-md-6 col-sm-6 col-xs-12\"><\/div>\n                                <div class=\"RFPostsGrid__item col-lg-6 col-md-6 col-sm-6 col-xs-12\">\n                <div class=\"RFPostsGrid__inner\">\n\n                    <div class=\"Course__item\">\n                        <div class=\"Course__header\">\n                            <a href=\"https:\/\/www.accord-langues.com\/de\/kurs\/delf-pruefungsvorbereitungskurs-in-frankreich\/\" class=\"h2-like\" style=\"display:block;min-height: 76px;\">DELF-Pr\u00fcfungsvorbereitungskurs in Frankreich<\/a>\n                        <\/div>\n\n                        <div class=\"Course__details\">\n                            <div class=\"row\">\n                                <div class=\"Course__lessons col-xs-4\">\n                                    <img decoding=\"async\" src=\"https:\/\/www.accord-langues.com\/wp-content\/uploads\/2016\/10\/lessons-icon.gif\">\n                                    <br>\n                                    34  Unterricht                                <\/div>\n                                <div class=\"Course__hours col-xs-4\">\n                                    <img decoding=\"async\" src=\"https:\/\/www.accord-langues.com\/wp-content\/uploads\/2016\/10\/hours-icon.gif\">\n                                    <br>\n                                    26  Stunden                                <\/div>\n                                <div class=\"Course__size col-xs-4\">\n                                    <img decoding=\"async\" src=\"https:\/\/www.accord-langues.com\/wp-content\/uploads\/2016\/10\/students-icon.gif\">\n                                    <br>\n                                    max. 14                                <\/div>\n                            <\/div>\n                        <\/div>\n\n                        <div class=\"Course__description\" style=\"height: auto !important;\">\n<!--                            -->                            <div class=\"Course_from\">\n                                <b>ab \u20ac455,00<\/b>\n                            <\/div>\n                        <\/div>\n\n                        <div class=\"Course__footer\">\n                            <a class=\"btn btn-primary\" href=\"https:\/\/www.accord-langues.com\/de\/buchung-fuer-erwachsene\/\"> Jetzt buchen<\/a>\n                            <a class=\"btn btn-default pull-right\" onclick='window.location.href = \"https:\/\/www.accord-langues.com\/de\/kurs\/delf-pruefungsvorbereitungskurs-in-frankreich\/\"'> Informationen<\/a>\n                        <\/div>\n                    <\/div>\n\n                <\/div>\n            <\/div>\n                                <div class=\"RFPostsGrid__item col-lg-6 col-md-6 col-sm-6 col-xs-12\">\n                <div class=\"RFPostsGrid__inner\">\n\n                    <div class=\"Course__item\">\n                        <div class=\"Course__header\">\n                            <a href=\"https:\/\/www.accord-langues.com\/de\/kurs\/dalf-pruefungsvorbereitungskurs-in-frankreich\/\" class=\"h2-like\" style=\"display:block;min-height: 76px;\">DALF-Pr\u00fcfungsvorbereitungskurs in Frankreich<\/a>\n                        <\/div>\n\n                        <div class=\"Course__details\">\n                            <div class=\"row\">\n                                <div class=\"Course__lessons col-xs-4\">\n                                    <img decoding=\"async\" src=\"https:\/\/www.accord-langues.com\/wp-content\/uploads\/2016\/10\/lessons-icon.gif\">\n                                    <br>\n                                    34  Unterricht                                <\/div>\n                                <div class=\"Course__hours col-xs-4\">\n                                    <img decoding=\"async\" src=\"https:\/\/www.accord-langues.com\/wp-content\/uploads\/2016\/10\/hours-icon.gif\">\n                                    <br>\n                                    26  Stunden                                <\/div>\n                                <div class=\"Course__size col-xs-4\">\n                                    <img decoding=\"async\" src=\"https:\/\/www.accord-langues.com\/wp-content\/uploads\/2016\/10\/students-icon.gif\">\n                                    <br>\n                                    max. 14                                <\/div>\n                            <\/div>\n                        <\/div>\n\n                        <div class=\"Course__description\" style=\"height: auto !important;\">\n<!--                            -->                            <div class=\"Course_from\">\n                                <b>ab \u20ac455,00<\/b>\n                            <\/div>\n                        <\/div>\n\n                        <div class=\"Course__footer\">\n                            <a class=\"btn btn-primary\" href=\"https:\/\/www.accord-langues.com\/de\/buchung-fuer-erwachsene\/\"> Jetzt buchen<\/a>\n                            <a class=\"btn btn-default pull-right\" onclick='window.location.href = \"https:\/\/www.accord-langues.com\/de\/kurs\/dalf-pruefungsvorbereitungskurs-in-frankreich\/\"'> Informationen<\/a>\n                        <\/div>\n                    <\/div>\n\n                <\/div>\n            <\/div>\n                                <div class=\"RFPostsGrid__item col-lg-6 col-md-6 col-sm-6 col-xs-12\">\n                <div class=\"RFPostsGrid__inner\">\n\n                    <div class=\"Course__item\">\n                        <div class=\"Course__header\">\n                            <a href=\"https:\/\/www.accord-langues.com\/de\/kurs\/delf-pruefungsvorbereitung-in-frankreich\/\" class=\"h2-like\" style=\"display:block;min-height: 76px;\">DELF Pr\u00fcfungsvorbereitung in Frankreich, in Paris<\/a>\n                        <\/div>\n\n                        <div class=\"Course__details\">\n                            <div class=\"row\">\n                                <div class=\"Course__lessons col-xs-4\">\n                                    <img decoding=\"async\" src=\"https:\/\/www.accord-langues.com\/wp-content\/uploads\/2016\/10\/lessons-icon.gif\">\n                                    <br>\n                                    8  Unterricht                                <\/div>\n                                <div class=\"Course__hours col-xs-4\">\n                                    <img decoding=\"async\" src=\"https:\/\/www.accord-langues.com\/wp-content\/uploads\/2016\/10\/hours-icon.gif\">\n                                    <br>\n                                    6  Stunden                                <\/div>\n                                <div class=\"Course__size col-xs-4\">\n                                    <img decoding=\"async\" src=\"https:\/\/www.accord-langues.com\/wp-content\/uploads\/2016\/10\/students-icon.gif\">\n                                    <br>\n                                    max. 14                                <\/div>\n                            <\/div>\n                        <\/div>\n\n                        <div class=\"Course__description\" style=\"height: auto !important;\">\n<!--                            -->                            <div class=\"Course_from\">\n                                <b>ab \u20ac240,00<\/b>\n                            <\/div>\n                        <\/div>\n\n                        <div class=\"Course__footer\">\n                            <a class=\"btn btn-primary\" href=\"https:\/\/www.accord-langues.com\/de\/buchung-fuer-erwachsene\/\"> Jetzt buchen<\/a>\n                            <a class=\"btn btn-default pull-right\" onclick='window.location.href = \"https:\/\/www.accord-langues.com\/de\/kurs\/delf-pruefungsvorbereitung-in-frankreich\/\"'> Informationen<\/a>\n                        <\/div>\n                    <\/div>\n\n                <\/div>\n            <\/div>\n                                <div class=\"RFPostsGrid__item col-lg-6 col-md-6 col-sm-6 col-xs-12\">\n                <div class=\"RFPostsGrid__inner\">\n\n                    <div class=\"Course__item\">\n                        <div class=\"Course__header\">\n                            <a href=\"https:\/\/www.accord-langues.com\/de\/kurs\/dalf-vorbereitungsunterricht-in-paris\/\" class=\"h2-like\" style=\"display:block;min-height: 76px;\">DALF-Vorbereitungsunterricht in Paris<\/a>\n                        <\/div>\n\n                        <div class=\"Course__details\">\n                            <div class=\"row\">\n                                <div class=\"Course__lessons col-xs-4\">\n                                    <img decoding=\"async\" src=\"https:\/\/www.accord-langues.com\/wp-content\/uploads\/2016\/10\/lessons-icon.gif\">\n                                    <br>\n                                    8  Unterricht                                <\/div>\n                                <div class=\"Course__hours col-xs-4\">\n                                    <img decoding=\"async\" src=\"https:\/\/www.accord-langues.com\/wp-content\/uploads\/2016\/10\/hours-icon.gif\">\n                                    <br>\n                                    6  Stunden                                <\/div>\n                                <div class=\"Course__size col-xs-4\">\n                                    <img decoding=\"async\" src=\"https:\/\/www.accord-langues.com\/wp-content\/uploads\/2016\/10\/students-icon.gif\">\n                                    <br>\n                                    max. 14                                <\/div>\n                            <\/div>\n                        <\/div>\n\n                        <div class=\"Course__description\" style=\"height: auto !important;\">\n<!--                            -->                            <div class=\"Course_from\">\n                                <b>ab \u20ac240,00<\/b>\n                            <\/div>\n                        <\/div>\n\n                        <div class=\"Course__footer\">\n                            <a class=\"btn btn-primary\" href=\"https:\/\/www.accord-langues.com\/de\/buchung-fuer-erwachsene\/\"> Jetzt buchen<\/a>\n                            <a class=\"btn btn-default pull-right\" onclick='window.location.href = \"https:\/\/www.accord-langues.com\/de\/kurs\/dalf-vorbereitungsunterricht-in-paris\/\"'> Informationen<\/a>\n                        <\/div>\n                    <\/div>\n\n                <\/div>\n            <\/div>\n            <\/div>\n[vc_separator][\/vc_column][\/vc_row][vc_row full_width=&#8220;stretch_row&#8220; css=&#8220;.vc_custom_1517241482906{background-color: #f0f0f0 !important;}&#8220;][vc_column][vc_column_text css=&#8220;.vc_custom_1548943607355{margin-bottom: 40px !important;}&#8220;]<\/p>\n<h3 id=\"exam\" style=\"text-align: center;\">Franz\u00f6sisch-Pr\u00fcfungsvorbereitungskurse<\/h3>\n<p>[\/vc_column_text]\n    <div class=\"RFPostsGrid Course__list \">\n        <div class=\"RFPostsGrid__sizer col-lg-4 col-md-4 col-sm-6 col-xs-12\"><\/div>\n                                <div class=\"RFPostsGrid__item col-lg-4 col-md-4 col-sm-6 col-xs-12\">\n                <div class=\"RFPostsGrid__inner\">\n\n                    <div class=\"Course__item\">\n                        <div class=\"Course__header\">\n                            <a href=\"https:\/\/www.accord-langues.com\/de\/kurs\/vorbereitungskurs-a-as-level-pruefung\/\" class=\"h2-like\" style=\"display:block;min-height: 76px;\">A\/AS Franz\u00f6sische Revision in Frankreich<\/a>\n                        <\/div>\n\n                        <div class=\"Course__details\">\n                            <div class=\"row\">\n                                <div class=\"Course__lessons col-xs-4\">\n                                    <img decoding=\"async\" src=\"https:\/\/www.accord-langues.com\/wp-content\/uploads\/2016\/10\/lessons-icon.gif\">\n                                    <br>\n                                    34  Unterricht                                <\/div>\n                                <div class=\"Course__hours col-xs-4\">\n                                    <img decoding=\"async\" src=\"https:\/\/www.accord-langues.com\/wp-content\/uploads\/2016\/10\/hours-icon.gif\">\n                                    <br>\n                                    26  Stunden                                <\/div>\n                                <div class=\"Course__size col-xs-4\">\n                                    <img decoding=\"async\" src=\"https:\/\/www.accord-langues.com\/wp-content\/uploads\/2016\/10\/students-icon.gif\">\n                                    <br>\n                                    max. 14                                <\/div>\n                            <\/div>\n                        <\/div>\n\n                        <div class=\"Course__description\" style=\"height: auto !important;\">\n<!--                            -->                            <div class=\"Course_from\">\n                                <b>ab \u20ac455,00<\/b>\n                            <\/div>\n                        <\/div>\n\n                        <div class=\"Course__footer\">\n                            <a class=\"btn btn-primary\" href=\"https:\/\/www.accord-langues.com\/de\/buchung-fuer-erwachsene\/\"> Jetzt buchen<\/a>\n                            <a class=\"btn btn-default pull-right\" onclick='window.location.href = \"https:\/\/www.accord-langues.com\/de\/kurs\/vorbereitungskurs-a-as-level-pruefung\/\"'> Informationen<\/a>\n                        <\/div>\n                    <\/div>\n\n                <\/div>\n            <\/div>\n                                <div class=\"RFPostsGrid__item col-lg-4 col-md-4 col-sm-6 col-xs-12\">\n                <div class=\"RFPostsGrid__inner\">\n\n                    <div class=\"Course__item\">\n                        <div class=\"Course__header\">\n                            <a href=\"https:\/\/www.accord-langues.com\/de\/kurs\/ilc-pruefungsvorbereitung-in-frankreich\/\" class=\"h2-like\" style=\"display:block;min-height: 76px;\">ILC Pr\u00fcfungsvorbereitung in Frankreich<\/a>\n                        <\/div>\n\n                        <div class=\"Course__details\">\n                            <div class=\"row\">\n                                <div class=\"Course__lessons col-xs-4\">\n                                    <img decoding=\"async\" src=\"https:\/\/www.accord-langues.com\/wp-content\/uploads\/2016\/10\/lessons-icon.gif\">\n                                    <br>\n                                    34  Unterricht                                <\/div>\n                                <div class=\"Course__hours col-xs-4\">\n                                    <img decoding=\"async\" src=\"https:\/\/www.accord-langues.com\/wp-content\/uploads\/2016\/10\/hours-icon.gif\">\n                                    <br>\n                                    26  Stunden                                <\/div>\n                                <div class=\"Course__size col-xs-4\">\n                                    <img decoding=\"async\" src=\"https:\/\/www.accord-langues.com\/wp-content\/uploads\/2016\/10\/students-icon.gif\">\n                                    <br>\n                                    max. 14                                <\/div>\n                            <\/div>\n                        <\/div>\n\n                        <div class=\"Course__description\" style=\"height: auto !important;\">\n<!--                            -->                            <div class=\"Course_from\">\n                                <b>ab \u20ac455,00<\/b>\n                            <\/div>\n                        <\/div>\n\n                        <div class=\"Course__footer\">\n                            <a class=\"btn btn-primary\" href=\"https:\/\/www.accord-langues.com\/de\/buchung-fuer-erwachsene\/\"> Jetzt buchen<\/a>\n                            <a class=\"btn btn-default pull-right\" onclick='window.location.href = \"https:\/\/www.accord-langues.com\/de\/kurs\/ilc-pruefungsvorbereitung-in-frankreich\/\"'> Informationen<\/a>\n                        <\/div>\n                    <\/div>\n\n                <\/div>\n            <\/div>\n                                <div class=\"RFPostsGrid__item col-lg-4 col-md-4 col-sm-6 col-xs-12\">\n                <div class=\"RFPostsGrid__inner\">\n\n                    <div class=\"Course__item\">\n                        <div class=\"Course__header\">\n                            <a href=\"https:\/\/www.accord-langues.com\/de\/kurs\/abitur-vorbereitungskurs-in-paris-in-frankreich\/\" class=\"h2-like\" style=\"display:block;min-height: 76px;\">ABITUR-Vorbereitungskurs in Paris in Frankreich<\/a>\n                        <\/div>\n\n                        <div class=\"Course__details\">\n                            <div class=\"row\">\n                                <div class=\"Course__lessons col-xs-4\">\n                                    <img decoding=\"async\" src=\"https:\/\/www.accord-langues.com\/wp-content\/uploads\/2016\/10\/lessons-icon.gif\">\n                                    <br>\n                                    34  Unterricht                                <\/div>\n                                <div class=\"Course__hours col-xs-4\">\n                                    <img decoding=\"async\" src=\"https:\/\/www.accord-langues.com\/wp-content\/uploads\/2016\/10\/hours-icon.gif\">\n                                    <br>\n                                    26  Stunden                                <\/div>\n                                <div class=\"Course__size col-xs-4\">\n                                    <img decoding=\"async\" src=\"https:\/\/www.accord-langues.com\/wp-content\/uploads\/2016\/10\/students-icon.gif\">\n                                    <br>\n                                    max. 14                                <\/div>\n                            <\/div>\n                        <\/div>\n\n                        <div class=\"Course__description\" style=\"height: auto !important;\">\n<!--                            -->                            <div class=\"Course_from\">\n                                <b>ab \u20ac455,00<\/b>\n                            <\/div>\n                        <\/div>\n\n                        <div class=\"Course__footer\">\n                            <a class=\"btn btn-primary\" href=\"https:\/\/www.accord-langues.com\/de\/buchung-fuer-erwachsene\/\"> Jetzt buchen<\/a>\n                            <a class=\"btn btn-default pull-right\" onclick='window.location.href = \"https:\/\/www.accord-langues.com\/de\/kurs\/abitur-vorbereitungskurs-in-paris-in-frankreich\/\"'> Informationen<\/a>\n                        <\/div>\n                    <\/div>\n\n                <\/div>\n            <\/div>\n            <\/div>\n[vc_separator][\/vc_column][\/vc_row][vc_row full_width=&#8220;stretch_row&#8220; css=&#8220;.vc_custom_1517241482906{background-color: #f0f0f0 !important;}&#8220;][vc_column offset=&#8220;vc_col-lg-offset-2 vc_col-lg-8 vc_col-md-offset-2 vc_col-md-8&#8243;][vc_column_text css=&#8220;.vc_custom_1704280492569{margin-bottom: 40px !important;}&#8220;]<\/p>\n<h3 id=\"semi-intensive\" style=\"text-align: center;\">Franz\u00f6sisch Intensiv und Semi-Intensiv Nachmittagskurse<\/h3>\n<p>[\/vc_column_text]\n    <div class=\"RFPostsGrid Course__list \">\n        <div class=\"RFPostsGrid__sizer col-lg-6 col-md-6 col-sm-6 col-xs-12\"><\/div>\n                                <div class=\"RFPostsGrid__item col-lg-6 col-md-6 col-sm-6 col-xs-12\">\n                <div class=\"RFPostsGrid__inner\">\n\n                    <div class=\"Course__item\">\n                        <div class=\"Course__header\">\n                            <a href=\"https:\/\/www.accord-langues.com\/de\/kurs\/semi-intensiver-franzoesischkurs-in-paris-am1\/\" class=\"h2-like\" style=\"display:block;min-height: 76px;\">Semi-intensiver Franz\u00f6sischkurs in Paris, AM1 Kurs<\/a>\n                        <\/div>\n\n                        <div class=\"Course__details\">\n                            <div class=\"row\">\n                                <div class=\"Course__lessons col-xs-4\">\n                                    <img decoding=\"async\" src=\"https:\/\/www.accord-langues.com\/wp-content\/uploads\/2016\/10\/lessons-icon.gif\">\n                                    <br>\n                                    20  Unterricht                                <\/div>\n                                <div class=\"Course__hours col-xs-4\">\n                                    <img decoding=\"async\" src=\"https:\/\/www.accord-langues.com\/wp-content\/uploads\/2016\/10\/hours-icon.gif\">\n                                    <br>\n                                    15  Stunden                                <\/div>\n                                <div class=\"Course__size col-xs-4\">\n                                    <img decoding=\"async\" src=\"https:\/\/www.accord-langues.com\/wp-content\/uploads\/2016\/10\/students-icon.gif\">\n                                    <br>\n                                    max. 14                                <\/div>\n                            <\/div>\n                        <\/div>\n\n                        <div class=\"Course__description\" style=\"height: auto !important;\">\n<!--                            -->                            <div class=\"Course_from\">\n                                <b>ab \u20ac335,00<\/b>\n                            <\/div>\n                        <\/div>\n\n                        <div class=\"Course__footer\">\n                            <a class=\"btn btn-primary\" href=\"https:\/\/www.accord-langues.com\/de\/buchung-fuer-erwachsene\/\"> Jetzt buchen<\/a>\n                            <a class=\"btn btn-default pull-right\" onclick='window.location.href = \"https:\/\/www.accord-langues.com\/de\/kurs\/semi-intensiver-franzoesischkurs-in-paris-am1\/\"'> Informationen<\/a>\n                        <\/div>\n                    <\/div>\n\n                <\/div>\n            <\/div>\n                                <div class=\"RFPostsGrid__item col-lg-6 col-md-6 col-sm-6 col-xs-12\">\n                <div class=\"RFPostsGrid__inner\">\n\n                    <div class=\"Course__item\">\n                        <div class=\"Course__header\">\n                            <a href=\"https:\/\/www.accord-langues.com\/de\/kurs\/intensiv-franzoesischkurs-pm2-in-frankreich\/\" class=\"h2-like\" style=\"display:block;min-height: 76px;\">Intensiv-Franz\u00f6sischkurs PM2 in Frankreich (20 St.)<\/a>\n                        <\/div>\n\n                        <div class=\"Course__details\">\n                            <div class=\"row\">\n                                <div class=\"Course__lessons col-xs-4\">\n                                    <img decoding=\"async\" src=\"https:\/\/www.accord-langues.com\/wp-content\/uploads\/2016\/10\/lessons-icon.gif\">\n                                    <br>\n                                    26  Unterricht                                <\/div>\n                                <div class=\"Course__hours col-xs-4\">\n                                    <img decoding=\"async\" src=\"https:\/\/www.accord-langues.com\/wp-content\/uploads\/2016\/10\/hours-icon.gif\">\n                                    <br>\n                                    20  Stunden                                <\/div>\n                                <div class=\"Course__size col-xs-4\">\n                                    <img decoding=\"async\" src=\"https:\/\/www.accord-langues.com\/wp-content\/uploads\/2016\/10\/students-icon.gif\">\n                                    <br>\n                                    max. 14                                <\/div>\n                            <\/div>\n                        <\/div>\n\n                        <div class=\"Course__description\" style=\"height: auto !important;\">\n<!--                            -->                            <div class=\"Course_from\">\n                                <b>ab \u20ac260,00<\/b>\n                            <\/div>\n                        <\/div>\n\n                        <div class=\"Course__footer\">\n                            <a class=\"btn btn-primary\" href=\"https:\/\/www.accord-langues.com\/de\/buchung-fuer-erwachsene\/\"> Jetzt buchen<\/a>\n                            <a class=\"btn btn-default pull-right\" onclick='window.location.href = \"https:\/\/www.accord-langues.com\/de\/kurs\/intensiv-franzoesischkurs-pm2-in-frankreich\/\"'> Informationen<\/a>\n                        <\/div>\n                    <\/div>\n\n                <\/div>\n            <\/div>\n            <\/div>\n[vc_separator][\/vc_column][\/vc_row][vc_row full_width=&#8220;stretch_row&#8220; css=&#8220;.vc_custom_1517241482906{background-color: #f0f0f0 !important;}&#8220;][vc_column][vc_column_text css=&#8220;.vc_custom_1548943705476{margin-bottom: 40px !important;}&#8220;]<\/p>\n<h3 id=\"workshops\" style=\"text-align: center;\">Workshops \/ Franz\u00f6sisch-Schwerpunktunterricht am Nachmittag<\/h3>\n<p>[\/vc_column_text]\n    <div class=\"RFPostsGrid Course__list \">\n        <div class=\"RFPostsGrid__sizer col-lg-4 col-md-4 col-sm-6 col-xs-12\"><\/div>\n                                <div class=\"RFPostsGrid__item col-lg-4 col-md-4 col-sm-6 col-xs-12\">\n                <div class=\"RFPostsGrid__inner\">\n\n                    <div class=\"Course__item\">\n                        <div class=\"Course__header\">\n                            <a href=\"https:\/\/www.accord-langues.com\/de\/kurs\/franzoesische-grammatikunterricht-in-frankreich\/\" class=\"h2-like\" style=\"display:block;min-height: 76px;\">Franz\u00f6sische Grammatikunterricht in Frankreich<\/a>\n                        <\/div>\n\n                        <div class=\"Course__details\">\n                            <div class=\"row\">\n                                <div class=\"Course__lessons col-xs-4\">\n                                    <img decoding=\"async\" src=\"https:\/\/www.accord-langues.com\/wp-content\/uploads\/2016\/10\/lessons-icon.gif\">\n                                    <br>\n                                    12  Unterricht                                <\/div>\n                                <div class=\"Course__hours col-xs-4\">\n                                    <img decoding=\"async\" src=\"https:\/\/www.accord-langues.com\/wp-content\/uploads\/2016\/10\/hours-icon.gif\">\n                                    <br>\n                                    9  Stunden                                <\/div>\n                                <div class=\"Course__size col-xs-4\">\n                                    <img decoding=\"async\" src=\"https:\/\/www.accord-langues.com\/wp-content\/uploads\/2016\/10\/students-icon.gif\">\n                                    <br>\n                                    max. 14                                <\/div>\n                            <\/div>\n                        <\/div>\n\n                        <div class=\"Course__description\" style=\"height: auto !important;\">\n<!--                            -->                            <div class=\"Course_from\">\n                                <b>ab \u20ac260,00<\/b>\n                            <\/div>\n                        <\/div>\n\n                        <div class=\"Course__footer\">\n                            <a class=\"btn btn-primary\" href=\"https:\/\/www.accord-langues.com\/de\/buchung-fuer-erwachsene\/\"> Jetzt buchen<\/a>\n                            <a class=\"btn btn-default pull-right\" onclick='window.location.href = \"https:\/\/www.accord-langues.com\/de\/kurs\/franzoesische-grammatikunterricht-in-frankreich\/\"'> Informationen<\/a>\n                        <\/div>\n                    <\/div>\n\n                <\/div>\n            <\/div>\n                                <div class=\"RFPostsGrid__item col-lg-4 col-md-4 col-sm-6 col-xs-12\">\n                <div class=\"RFPostsGrid__inner\">\n\n                    <div class=\"Course__item\">\n                        <div class=\"Course__header\">\n                            <a href=\"https:\/\/www.accord-langues.com\/de\/kurs\/muendlicher-franzoesischunterricht-in-frankreich\/\" class=\"h2-like\" style=\"display:block;min-height: 76px;\">M\u00fcndlicher Franz\u00f6sischunterricht in Frankreich<\/a>\n                        <\/div>\n\n                        <div class=\"Course__details\">\n                            <div class=\"row\">\n                                <div class=\"Course__lessons col-xs-4\">\n                                    <img decoding=\"async\" src=\"https:\/\/www.accord-langues.com\/wp-content\/uploads\/2016\/10\/lessons-icon.gif\">\n                                    <br>\n                                    8  Unterricht                                <\/div>\n                                <div class=\"Course__hours col-xs-4\">\n                                    <img decoding=\"async\" src=\"https:\/\/www.accord-langues.com\/wp-content\/uploads\/2016\/10\/hours-icon.gif\">\n                                    <br>\n                                    6  Stunden                                <\/div>\n                                <div class=\"Course__size col-xs-4\">\n                                    <img decoding=\"async\" src=\"https:\/\/www.accord-langues.com\/wp-content\/uploads\/2016\/10\/students-icon.gif\">\n                                    <br>\n                                    max. 14                                <\/div>\n                            <\/div>\n                        <\/div>\n\n                        <div class=\"Course__description\" style=\"height: auto !important;\">\n<!--                            -->                            <div class=\"Course_from\">\n                                <b>ab \u20ac160,00<\/b>\n                            <\/div>\n                        <\/div>\n\n                        <div class=\"Course__footer\">\n                            <a class=\"btn btn-primary\" href=\"https:\/\/www.accord-langues.com\/de\/buchung-fuer-erwachsene\/\"> Jetzt buchen<\/a>\n                            <a class=\"btn btn-default pull-right\" onclick='window.location.href = \"https:\/\/www.accord-langues.com\/de\/kurs\/muendlicher-franzoesischunterricht-in-frankreich\/\"'> Informationen<\/a>\n                        <\/div>\n                    <\/div>\n\n                <\/div>\n            <\/div>\n                                <div class=\"RFPostsGrid__item col-lg-4 col-md-4 col-sm-6 col-xs-12\">\n                <div class=\"RFPostsGrid__inner\">\n\n                    <div class=\"Course__item\">\n                        <div class=\"Course__header\">\n                            <a href=\"https:\/\/www.accord-langues.com\/de\/kurs\/sprach-und-kulturunterricht-in-frankreich\/\" class=\"h2-like\" style=\"display:block;min-height: 76px;\">Sprach- und Kulturunterricht in Frankreich<\/a>\n                        <\/div>\n\n                        <div class=\"Course__details\">\n                            <div class=\"row\">\n                                <div class=\"Course__lessons col-xs-4\">\n                                    <img decoding=\"async\" src=\"https:\/\/www.accord-langues.com\/wp-content\/uploads\/2016\/10\/lessons-icon.gif\">\n                                    <br>\n                                    8  Unterricht                                <\/div>\n                                <div class=\"Course__hours col-xs-4\">\n                                    <img decoding=\"async\" src=\"https:\/\/www.accord-langues.com\/wp-content\/uploads\/2016\/10\/hours-icon.gif\">\n                                    <br>\n                                    6  Stunden                                <\/div>\n                                <div class=\"Course__size col-xs-4\">\n                                    <img decoding=\"async\" src=\"https:\/\/www.accord-langues.com\/wp-content\/uploads\/2016\/10\/students-icon.gif\">\n                                    <br>\n                                    max. 14                                <\/div>\n                            <\/div>\n                        <\/div>\n\n                        <div class=\"Course__description\" style=\"height: auto !important;\">\n<!--                            -->                            <div class=\"Course_from\">\n                                <b>ab \u20ac160,00<\/b>\n                            <\/div>\n                        <\/div>\n\n                        <div class=\"Course__footer\">\n                            <a class=\"btn btn-primary\" href=\"https:\/\/www.accord-langues.com\/de\/buchung-fuer-erwachsene\/\"> Jetzt buchen<\/a>\n                            <a class=\"btn btn-default pull-right\" onclick='window.location.href = \"https:\/\/www.accord-langues.com\/de\/kurs\/sprach-und-kulturunterricht-in-frankreich\/\"'> Informationen<\/a>\n                        <\/div>\n                    <\/div>\n\n                <\/div>\n            <\/div>\n            <\/div>\n[vc_separator][\/vc_column][\/vc_row][vc_row full_width=&#8220;stretch_row&#8220; css=&#8220;.vc_custom_1517243385634{padding-bottom: 20px !important;background-color: #f0f0f0 !important;}&#8220;][vc_column][vc_column_text css=&#8220;.vc_custom_1636393988398{margin-bottom: 40px !important;}&#8220;]<\/p>\n<h3 id=\"professionals\" style=\"text-align: center;\">Franz\u00f6sischkurs in Paris: Franz\u00f6sischkurse f\u00fcr Fachkr\u00e4fte<\/h3>\n<p>[\/vc_column_text]\n    <div class=\"RFPostsGrid Course__list \">\n        <div class=\"RFPostsGrid__sizer col-lg-4 col-md-4 col-sm-6 col-xs-12\"><\/div>\n                                <div class=\"RFPostsGrid__item col-lg-4 col-md-4 col-sm-6 col-xs-12\">\n                <div class=\"RFPostsGrid__inner\">\n\n                    <div class=\"Course__item\">\n                        <div class=\"Course__header\">\n                            <a href=\"https:\/\/www.accord-langues.com\/de\/kurs\/franzoesisch-business-sprachkurs-in-frankreich\/\" class=\"h2-like\" style=\"display:block;min-height: 76px;\">Franz\u00f6sisch-Business-Sprachkurs in Frankreich<\/a>\n                        <\/div>\n\n                        <div class=\"Course__details\">\n                            <div class=\"row\">\n                                <div class=\"Course__lessons col-xs-4\">\n                                    <img decoding=\"async\" src=\"https:\/\/www.accord-langues.com\/wp-content\/uploads\/2016\/10\/lessons-icon.gif\">\n                                    <br>\n                                    42  Unterricht                                <\/div>\n                                <div class=\"Course__hours col-xs-4\">\n                                    <img decoding=\"async\" src=\"https:\/\/www.accord-langues.com\/wp-content\/uploads\/2016\/10\/hours-icon.gif\">\n                                    <br>\n                                    32  Stunden                                <\/div>\n                                <div class=\"Course__size col-xs-4\">\n                                    <img decoding=\"async\" src=\"https:\/\/www.accord-langues.com\/wp-content\/uploads\/2016\/10\/students-icon.gif\">\n                                    <br>\n                                    max. 3                                <\/div>\n                            <\/div>\n                        <\/div>\n\n                        <div class=\"Course__description\" style=\"height: auto !important;\">\n<!--                            -->                            <div class=\"Course_from\">\n                                <b>ab \u20ac950,00<\/b>\n                            <\/div>\n                        <\/div>\n\n                        <div class=\"Course__footer\">\n                            <a class=\"btn btn-primary\" href=\"https:\/\/www.accord-langues.com\/de\/buchung-fuer-erwachsene\/\"> Jetzt buchen<\/a>\n                            <a class=\"btn btn-default pull-right\" onclick='window.location.href = \"https:\/\/www.accord-langues.com\/de\/kurs\/franzoesisch-business-sprachkurs-in-frankreich\/\"'> Informationen<\/a>\n                        <\/div>\n                    <\/div>\n\n                <\/div>\n            <\/div>\n                                <div class=\"RFPostsGrid__item col-lg-4 col-md-4 col-sm-6 col-xs-12\">\n                <div class=\"RFPostsGrid__inner\">\n\n                    <div class=\"Course__item\">\n                        <div class=\"Course__header\">\n                            <a href=\"https:\/\/www.accord-langues.com\/de\/kurs\/juristischer-franzoesischkurs-in-frankreich\/\" class=\"h2-like\" style=\"display:block;min-height: 76px;\">Juristischer Franz\u00f6sischkurs in Frankreich<\/a>\n                        <\/div>\n\n                        <div class=\"Course__details\">\n                            <div class=\"row\">\n                                <div class=\"Course__lessons col-xs-4\">\n                                    <img decoding=\"async\" src=\"https:\/\/www.accord-langues.com\/wp-content\/uploads\/2016\/10\/lessons-icon.gif\">\n                                    <br>\n                                    42  Unterricht                                <\/div>\n                                <div class=\"Course__hours col-xs-4\">\n                                    <img decoding=\"async\" src=\"https:\/\/www.accord-langues.com\/wp-content\/uploads\/2016\/10\/hours-icon.gif\">\n                                    <br>\n                                    32  Stunden                                <\/div>\n                                <div class=\"Course__size col-xs-4\">\n                                    <img decoding=\"async\" src=\"https:\/\/www.accord-langues.com\/wp-content\/uploads\/2016\/10\/students-icon.gif\">\n                                    <br>\n                                    max. 6                                <\/div>\n                            <\/div>\n                        <\/div>\n\n                        <div class=\"Course__description\" style=\"height: auto !important;\">\n<!--                            -->                            <div class=\"Course_from\">\n                                <b>ab \u20ac1.050,00<\/b>\n                            <\/div>\n                        <\/div>\n\n                        <div class=\"Course__footer\">\n                            <a class=\"btn btn-primary\" href=\"https:\/\/www.accord-langues.com\/de\/buchung-fuer-erwachsene\/\"> Jetzt buchen<\/a>\n                            <a class=\"btn btn-default pull-right\" onclick='window.location.href = \"https:\/\/www.accord-langues.com\/de\/kurs\/juristischer-franzoesischkurs-in-frankreich\/\"'> Informationen<\/a>\n                        <\/div>\n                    <\/div>\n\n                <\/div>\n            <\/div>\n                                <div class=\"RFPostsGrid__item col-lg-4 col-md-4 col-sm-6 col-xs-12\">\n                <div class=\"RFPostsGrid__inner\">\n\n                    <div class=\"Course__item\">\n                        <div class=\"Course__header\">\n                            <a href=\"https:\/\/www.accord-langues.com\/de\/kurs\/franzoesisch-intensivkurse-plus-in-frankreich\/\" class=\"h2-like\" style=\"display:block;min-height: 76px;\">Franz\u00f6sisch-Intensivkurse PLUS in Frankreich<\/a>\n                        <\/div>\n\n                        <div class=\"Course__details\">\n                            <div class=\"row\">\n                                <div class=\"Course__lessons col-xs-4\">\n                                    <img decoding=\"async\" src=\"https:\/\/www.accord-langues.com\/wp-content\/uploads\/2016\/10\/lessons-icon.gif\">\n                                    <br>\n                                    31  Unterricht                                <\/div>\n                                <div class=\"Course__hours col-xs-4\">\n                                    <img decoding=\"async\" src=\"https:\/\/www.accord-langues.com\/wp-content\/uploads\/2016\/10\/hours-icon.gif\">\n                                    <br>\n                                    23  Stunden                                <\/div>\n                                <div class=\"Course__size col-xs-4\">\n                                    <img decoding=\"async\" src=\"https:\/\/www.accord-langues.com\/wp-content\/uploads\/2016\/10\/students-icon.gif\">\n                                    <br>\n                                    max. 14                                <\/div>\n                            <\/div>\n                        <\/div>\n\n                        <div class=\"Course__description\" style=\"height: auto !important;\">\n<!--                            -->                            <div class=\"Course_from\">\n                                <b>ab \u20ac940,00<\/b>\n                            <\/div>\n                        <\/div>\n\n                        <div class=\"Course__footer\">\n                            <a class=\"btn btn-primary\" href=\"https:\/\/www.accord-langues.com\/de\/buchung-fuer-erwachsene\/\"> Jetzt buchen<\/a>\n                            <a class=\"btn btn-default pull-right\" onclick='window.location.href = \"https:\/\/www.accord-langues.com\/de\/kurs\/franzoesisch-intensivkurse-plus-in-frankreich\/\"'> Informationen<\/a>\n                        <\/div>\n                    <\/div>\n\n                <\/div>\n            <\/div>\n                                <div class=\"RFPostsGrid__item col-lg-4 col-md-4 col-sm-6 col-xs-12\">\n                <div class=\"RFPostsGrid__inner\">\n\n                    <div class=\"Course__item\">\n                        <div class=\"Course__header\">\n                            <a href=\"https:\/\/www.accord-langues.com\/de\/kurs\/geschaeftsfranzoesischkurs-in-frankreich-in-paris\/\" class=\"h2-like\" style=\"display:block;min-height: 76px;\">Gesch\u00e4ftsfranz\u00f6sischkurs in Frankreich in Paris<\/a>\n                        <\/div>\n\n                        <div class=\"Course__details\">\n                            <div class=\"row\">\n                                <div class=\"Course__lessons col-xs-4\">\n                                    <img decoding=\"async\" src=\"https:\/\/www.accord-langues.com\/wp-content\/uploads\/2016\/10\/lessons-icon.gif\">\n                                    <br>\n                                    16  Unterricht                                <\/div>\n                                <div class=\"Course__hours col-xs-4\">\n                                    <img decoding=\"async\" src=\"https:\/\/www.accord-langues.com\/wp-content\/uploads\/2016\/10\/hours-icon.gif\">\n                                    <br>\n                                    12  Stunden                                <\/div>\n                                <div class=\"Course__size col-xs-4\">\n                                    <img decoding=\"async\" src=\"https:\/\/www.accord-langues.com\/wp-content\/uploads\/2016\/10\/students-icon.gif\">\n                                    <br>\n                                    max. 3                                <\/div>\n                            <\/div>\n                        <\/div>\n\n                        <div class=\"Course__description\" style=\"height: auto !important;\">\n<!--                            -->                            <div class=\"Course_from\">\n                                <b>ab \u20ac900,00<\/b>\n                            <\/div>\n                        <\/div>\n\n                        <div class=\"Course__footer\">\n                            <a class=\"btn btn-primary\" href=\"https:\/\/www.accord-langues.com\/de\/buchung-fuer-erwachsene\/\"> Jetzt buchen<\/a>\n                            <a class=\"btn btn-default pull-right\" onclick='window.location.href = \"https:\/\/www.accord-langues.com\/de\/kurs\/geschaeftsfranzoesischkurs-in-frankreich-in-paris\/\"'> Informationen<\/a>\n                        <\/div>\n                    <\/div>\n\n                <\/div>\n            <\/div>\n                                <div class=\"RFPostsGrid__item col-lg-4 col-md-4 col-sm-6 col-xs-12\">\n                <div class=\"RFPostsGrid__inner\">\n\n                    <div class=\"Course__item\">\n                        <div class=\"Course__header\">\n                            <a href=\"https:\/\/www.accord-langues.com\/de\/kurs\/rechtsfranzoesischkurs-in-frankreich-in-paris\/\" class=\"h2-like\" style=\"display:block;min-height: 76px;\">Rechtsfranz\u00f6sischkurs in Frankreich in Paris<\/a>\n                        <\/div>\n\n                        <div class=\"Course__details\">\n                            <div class=\"row\">\n                                <div class=\"Course__lessons col-xs-4\">\n                                    <img decoding=\"async\" src=\"https:\/\/www.accord-langues.com\/wp-content\/uploads\/2016\/10\/lessons-icon.gif\">\n                                    <br>\n                                    16  Unterricht                                <\/div>\n                                <div class=\"Course__hours col-xs-4\">\n                                    <img decoding=\"async\" src=\"https:\/\/www.accord-langues.com\/wp-content\/uploads\/2016\/10\/hours-icon.gif\">\n                                    <br>\n                                    12  Stunden                                <\/div>\n                                <div class=\"Course__size col-xs-4\">\n                                    <img decoding=\"async\" src=\"https:\/\/www.accord-langues.com\/wp-content\/uploads\/2016\/10\/students-icon.gif\">\n                                    <br>\n                                    max. 6                                <\/div>\n                            <\/div>\n                        <\/div>\n\n                        <div class=\"Course__description\" style=\"height: auto !important;\">\n<!--                            -->                            <div class=\"Course_from\">\n                                <b>ab \u20ac900,00<\/b>\n                            <\/div>\n                        <\/div>\n\n                        <div class=\"Course__footer\">\n                            <a class=\"btn btn-primary\" href=\"https:\/\/www.accord-langues.com\/de\/buchung-fuer-erwachsene\/\"> Jetzt buchen<\/a>\n                            <a class=\"btn btn-default pull-right\" onclick='window.location.href = \"https:\/\/www.accord-langues.com\/de\/kurs\/rechtsfranzoesischkurs-in-frankreich-in-paris\/\"'> Informationen<\/a>\n                        <\/div>\n                    <\/div>\n\n                <\/div>\n            <\/div>\n                                <div class=\"RFPostsGrid__item col-lg-4 col-md-4 col-sm-6 col-xs-12\">\n                <div class=\"RFPostsGrid__inner\">\n\n                    <div class=\"Course__item\">\n                        <div class=\"Course__header\">\n                            <a href=\"https:\/\/www.accord-langues.com\/de\/kurs\/franzoesisch-privatunterricht-in-paris-in-frankreich\/\" class=\"h2-like\" style=\"display:block;min-height: 76px;\">Franz\u00f6sisch Privatunterricht in Paris in Frankreich<\/a>\n                        <\/div>\n\n                        <div class=\"Course__details\">\n                            <div class=\"row\">\n                                <div class=\"Course__lessons col-xs-4\">\n                                    <img decoding=\"async\" src=\"https:\/\/www.accord-langues.com\/wp-content\/uploads\/2016\/10\/lessons-icon.gif\">\n                                    <br>\n                                    4  Unterricht                                <\/div>\n                                <div class=\"Course__hours col-xs-4\">\n                                    <img decoding=\"async\" src=\"https:\/\/www.accord-langues.com\/wp-content\/uploads\/2016\/10\/hours-icon.gif\">\n                                    <br>\n                                    3  Stunden                                <\/div>\n                                <div class=\"Course__size col-xs-4\">\n                                    <img decoding=\"async\" src=\"https:\/\/www.accord-langues.com\/wp-content\/uploads\/2016\/10\/students-icon.gif\">\n                                    <br>\n                                    max. 1                                <\/div>\n                            <\/div>\n                        <\/div>\n\n                        <div class=\"Course__description\" style=\"height: auto !important;\">\n<!--                            -->                            <div class=\"Course_from\">\n                                <b>ab \u20ac120,00<\/b>\n                            <\/div>\n                        <\/div>\n\n                        <div class=\"Course__footer\">\n                            <a class=\"btn btn-primary\" href=\"https:\/\/www.accord-langues.com\/de\/buchung-fuer-erwachsene\/\"> Jetzt buchen<\/a>\n                            <a class=\"btn btn-default pull-right\" onclick='window.location.href = \"https:\/\/www.accord-langues.com\/de\/kurs\/franzoesisch-privatunterricht-in-paris-in-frankreich\/\"'> Informationen<\/a>\n                        <\/div>\n                    <\/div>\n\n                <\/div>\n            <\/div>\n            <\/div>\n[\/vc_column][\/vc_row][vc_row el_class=&#8220;button-blocks&#8220;][vc_column width=&#8220;1\/3&#8243;]<div class=\"RFIbox yellow one-line\">\n\t<div class=\"RFIbox__media\">\n        <a href=\"https:\/\/www.accord-langues.com\/de\/accord-prospekte\/\" title=\"\" target=\"_blank\"><img decoding=\"async\" width=\"95\" height=\"79\" src=\"https:\/\/www.accord-langues.com\/wp-content\/uploads\/2016\/06\/lessons-icon.gif\" class=\"img-responsive\" alt=\"\" title=\"lessons-icon\" \/><\/a>        \t<\/div>\n\n        <div class=\"RFIBox__title\">\n        <a href=\"https:\/\/www.accord-langues.com\/de\/accord-prospekte\/\" title=\"\" target=\"_blank\">Prospekte<\/a>    <\/div>\n    \n    \t<div class=\"RFIbox__content\">\n\t\t<a href=\"https:\/\/www.accord-langues.com\/de\/accord-prospekte\/\" title=\"\" target=\"_blank\"><\/a>\t<\/div>\n    <\/div>[\/vc_column][vc_column width=&#8220;1\/3&#8243;]<div class=\"RFIbox yellow one-line\">\n\t<div class=\"RFIbox__media\">\n        <a href=\"https:\/\/www.accord-langues.com\/de\/lehrmethode\/\" title=\"\" target=\"_blank\"><img decoding=\"async\" width=\"95\" height=\"79\" src=\"https:\/\/www.accord-langues.com\/wp-content\/uploads\/2016\/10\/students-icon.gif\" class=\"img-responsive\" alt=\"\" title=\"students-icon\" \/><\/a>        \t<\/div>\n\n        <div class=\"RFIBox__title\">\n        <a href=\"https:\/\/www.accord-langues.com\/de\/lehrmethode\/\" title=\"\" target=\"_blank\">Unsere Lehrmethode<\/a>    <\/div>\n    \n    \t<div class=\"RFIbox__content\">\n\t\t<a href=\"https:\/\/www.accord-langues.com\/de\/lehrmethode\/\" title=\"\" target=\"_blank\"><\/a>\t<\/div>\n    <\/div>[\/vc_column][vc_column width=&#8220;1\/3&#8243;]<div class=\"RFIbox yellow one-line\">\n\t<div class=\"RFIbox__media\">\n        <a href=\"https:\/\/www.accord-langues.com\/de\/kontaktieren-sie-uns\/\" title=\"\" target=\"_blank\"><img decoding=\"async\" width=\"72\" height=\"78\" src=\"https:\/\/www.accord-langues.com\/wp-content\/uploads\/2016\/10\/contact-us-icon.gif\" class=\"img-responsive\" alt=\"\" title=\"contact-us-icon\" \/><\/a>        \t<\/div>\n\n        <div class=\"RFIBox__title\">\n        <a href=\"https:\/\/www.accord-langues.com\/de\/kontaktieren-sie-uns\/\" title=\"\" target=\"_blank\">Haben Sie Fragen?<\/a>    <\/div>\n    \n    \t<div class=\"RFIbox__content\">\n\t\t<a href=\"https:\/\/www.accord-langues.com\/de\/kontaktieren-sie-uns\/\" title=\"\" target=\"_blank\"><\/a>\t<\/div>\n    <\/div>[\/vc_column][\/vc_row][vc_row full_width=&#8220;stretch_row&#8220; css=&#8220;.vc_custom_1471605768894{padding-top: 20px !important;background-color: #f0f0f0 !important;}&#8220; el_id=&#8220;homepage-boxes&#8220;][vc_column][vc_row_inner][vc_column_inner width=&#8220;1\/3&#8243;]<div class=\"RFIbox green a-man\">\n\t<div class=\"RFIbox__media\">\n        <a href=\"https:\/\/www.accord-langues.com\/de\/franzoesischkurse-fuer-erwachsene-in-paris\/\" title=\"\" target=\"_blank\"><img decoding=\"async\" width=\"500\" height=\"333\" src=\"https:\/\/www.accord-langues.com\/wp-content\/uploads\/2016\/06\/box-adults.jpg\" class=\"img-responsive\" alt=\"\" srcset=\"https:\/\/www.accord-langues.com\/wp-content\/uploads\/2016\/06\/box-adults.jpg 500w, https:\/\/www.accord-langues.com\/wp-content\/uploads\/2016\/06\/box-adults-300x200.jpg 300w\" sizes=\"(max-width: 500px) 100vw, 500px\" title=\"box-adults\" \/><\/a>        \t<\/div>\n\n        <div class=\"RFIBox__title\">\n        <a href=\"https:\/\/www.accord-langues.com\/de\/franzoesischkurse-fuer-erwachsene-in-paris\/\" title=\"\" target=\"_blank\">Franz\u00f6sischkurse f\u00fcr Erwachsene<\/a>    <\/div>\n    \n    <\/div>[\/vc_column_inner][vc_column_inner width=&#8220;1\/3&#8243;]<div class=\"RFIbox navy psg\">\n\t<div class=\"RFIbox__media\">\n        <a href=\"https:\/\/www.accord-langues.com\/de\/franzoesischkurse-fuer-teenager\/\" title=\"\" target=\"_blank\"><img decoding=\"async\" width=\"500\" height=\"333\" src=\"https:\/\/www.accord-langues.com\/wp-content\/uploads\/2016\/06\/box-juniors.jpg\" class=\"img-responsive\" alt=\"\" srcset=\"https:\/\/www.accord-langues.com\/wp-content\/uploads\/2016\/06\/box-juniors.jpg 500w, https:\/\/www.accord-langues.com\/wp-content\/uploads\/2016\/06\/box-juniors-300x200.jpg 300w\" sizes=\"(max-width: 500px) 100vw, 500px\" title=\"box-juniors\" \/><\/a>        \t<\/div>\n\n        <div class=\"RFIBox__title\">\n        <a href=\"https:\/\/www.accord-langues.com\/de\/franzoesischkurse-fuer-teenager\/\" title=\"\" target=\"_blank\">Franz\u00f6sischkurse f\u00fcr Junioren<\/a>    <\/div>\n    \n    <\/div>[\/vc_column_inner][vc_column_inner width=&#8220;1\/3&#8243;]<div class=\"RFIbox pink\">\n\t<div class=\"RFIbox__media\">\n        <a href=\"https:\/\/examensparis.fr\/\" title=\"\" target=\"_blank\"><img decoding=\"async\" width=\"500\" height=\"333\" src=\"https:\/\/www.accord-langues.com\/wp-content\/uploads\/2016\/06\/box-exams.jpg\" class=\"img-responsive\" alt=\"\" srcset=\"https:\/\/www.accord-langues.com\/wp-content\/uploads\/2016\/06\/box-exams.jpg 500w, https:\/\/www.accord-langues.com\/wp-content\/uploads\/2016\/06\/box-exams-300x200.jpg 300w\" sizes=\"(max-width: 500px) 100vw, 500px\" title=\"box-exams\" \/><\/a>        \t<\/div>\n\n        <div class=\"RFIBox__title\">\n        <a href=\"https:\/\/examensparis.fr\/\" title=\"\" target=\"_blank\">Pr\u00fcfungen - Diplom<\/a>    <\/div>\n    \n    <\/div>[\/vc_column_inner][\/vc_row_inner][\/vc_column][\/vc_row][vc_row][vc_column][vc_column_text css=&#8220;&#8220;]<\/p>\n<h2>Intensives Franz\u00f6sisch-Sprachprogramm in Paris<\/h2>\n<p><a href=\"https:\/\/www.accord-langues.com\/de\/\">Franz\u00f6sisch in Paris zu lernen<\/a> ist die beste M\u00f6glichkeit, in einem realen Kontext in die Sprache einzutauchen. Seit 1988 bietet die ÃÛÌÒ´«Ã½-Schule intensive Immersionsprogramme f\u00fcr Erwachsene aus der ganzen Welt an. Wir befinden uns in der N\u00e4he des Eiffelturms und die Schule ist das ganze Jahr \u00fcber f\u00fcr Sch\u00fcler ab 16 Jahren ge\u00f6ffnet. In Paris zu sein bedeutet, dass Sie das, was Sie im Unterricht gelernt haben, sofort in die Praxis umsetzen k\u00f6nnen, z. B. einen Kaffee bestellen, eine Speisekarte lesen, ein Mittagessen bestellen, nach dem Weg fragen, \u00f6ffentliche Verkehrsmittel nutzen oder eine Zeitung lesen.<\/p>\n<h2>Warum m\u00fcssen Sie einen Franz\u00f6sisch-Intensivkurs belegen?<\/h2>\n<p>Standardkurse sind ideal f\u00fcr diejenigen, die nur ein wenig Zeit damit verbringen m\u00f6chten, ihr Franz\u00f6sisch zu verbessern, aber Intensiv- oder Superintensivkurse erm\u00f6glichen es Ihnen, nicht mehr zu \u00fcbersetzen, sondern auf Franz\u00f6sisch zu denken. Indem Sie mehrere Stunden am Tag mit erfahrenen Lehrern Ihr Franz\u00f6sisch \u00fcben, wird die franz\u00f6sische Sprache schnell zu Ihrer nat\u00fcrlichen Zweitsprache.<\/p>\n<p>An unserer Schule legen wir Wert auf m\u00fcndliche Kommunikation, unterst\u00fctzt durch Grammatik, um sicherzustellen, dass Sie richtig und sicher sprechen. Unsere Kurse basieren auf st\u00e4ndiger Interaktion. Und da unsere Sch\u00fcler aus der ganzen Welt kommen, ist Franz\u00f6sisch die einzige gemeinsame Sprache im Unterricht und in der Schule.<\/p>\n<h2>Franz\u00f6sischkurse f\u00fcr m\u00fcndliche Kommunikation und schriftliches Schreiben<\/h2>\n<p>Die Studenten kommen mit unterschiedlichen Zielen an unsere franz\u00f6sische Schule. Manche brauchen Franz\u00f6sisch f\u00fcr die Arbeit, andere zum pers\u00f6nlichen Vergn\u00fcgen, wieder andere bereiten sich auf eine Pr\u00fcfung f\u00fcr den Hochschulzugang vor. Wir bieten mehrere Programme an:<\/p>\n<ul>\n<li>Intensiv- und Superintensiv-Franz\u00f6sischkurse<\/li>\n<li>Wirtschaftsfranz\u00f6sisch-, Franz\u00f6sisch- und Rechtskurse<\/li>\n<li>Franz\u00f6sisch-Pr\u00fcfungsvorbereitungskurse<\/li>\n<li>Halbintensiv-Franz\u00f6sischkurse<\/li>\n<li>Au-Pair-Programme<\/li>\n<li>Programme f\u00fcr Schul- und Hochschulgruppen<\/li>\n<\/ul>\n<h2>Offizielles Pr\u00fcfungszentrum f\u00fcr TCF<\/h2>\n<p>ÃÛÌÒ´«Ã½ ist ein offizielles TCF-Pr\u00fcfungszentrum. Sie k\u00f6nnen einen der TCF direkt in unserer Schule absolvieren.<\/p>\n<p>Wir bieten das TCF IRN, das TCF TP (TCF Tout Public), das TCF Canada und das \u201aExamen Civique\u2018 an. Unser Team bietet Ihnen die Termine und Preise der verschiedenen Pr\u00fcfungen an. Wenn Sie den TCF im selben Geb\u00e4ude absolvieren, in dem Sie studieren, ersparen Sie sich die m\u00fchsame Suche nach einem Pr\u00fcfungszentrum und k\u00f6nnen sich auf die Pr\u00fcfung konzentrieren.<\/p>\n<h2>Akkreditierungen und Franz\u00f6sischlehrer<\/h2>\n<p>Die ÃÛÌÒ´«Ã½-Schule wird als FLE-Qualit\u00e4t mit der bestm\u00f6glichen Bewertung (3 von 3 Sternen) in den f\u00fcnf gepr\u00fcften Bereichen ausgezeichnet. Die Schule ist au\u00dferdem Mitglied der Berufsgruppe SOUFFLE.FLE, ATOUT France und CAMPUS France.<\/p>\n<p>Unsere Franz\u00f6sischlehrer sind auf den Unterricht von Franz\u00f6sisch als Fremdsprache spezialisiert. Sie verstehen es, ihre Studenten durch interaktiven Unterricht zu motivieren und sie zur aktiven Teilnahme am Unterricht zu bewegen, um sicherzustellen, dass alle Studenten in der Klasse an den \u00dcbungen teilnehmen und Fortschritte machen.<\/p>\n<h2>Ihr Aufenthalt in Paris<\/h2>\n<p>Da wir Studenten aus der ganzen Welt willkommen hei\u00dfen, m\u00fcssen Sie in den Pausen, in der Schule, mit Ihrer Gastfamilie und in Ihrer Freizeit Franz\u00f6sisch sprechen, um das Beste aus allem zu machen, was die franz\u00f6sische Hauptstadt Ihnen zu bieten hat.<\/p>\n<p>Unsere Franz\u00f6sischschule liegt in der N\u00e4he des ber\u00fchmten Eiffelturms und der Champs de Mars und nur wenige Schritte von Les Invalides entfernt. In Paris lernen Sie in unserer Schule nicht nur Franz\u00f6sisch, Sie werden das, was Sie im Unterricht gelernt haben, sofort in die Praxis umsetzen, sobald Sie durch die Schult\u00fcr gehen und unsere Nachbarschaft und anschlie\u00dfend alle ber\u00fchmten Orte und Museen in Paris besuchen.[\/vc_column_text][\/vc_column][\/vc_row]<\/p>\n<\/div>","protected":false},"excerpt":{"rendered":"<p>[vc_row full_width=&#8220;stretch_row&#8220; content_placement=&#8220;middle&#8220; css=&#8220;.vc_custom_1509009556865{background-image: url(https:\/\/www.accord-langues.com\/wp-content\/uploads\/2016\/10\/adult-course.jpg?id=348) !important;background-position: center !important;background-repeat: no-repeat !important;background-size: cover !important;}&#8220; el_class=&#8220;header-image&#8220;][vc_column width=&#8220;2\/3&#8243; offset=&#8220;vc_col-sm-offset-2&#8243;][vc_column_text] Franz\u00f6sischkurse in Paris f\u00fcr Erwachsene Franz\u00f6sischkurse bei ÃÛÌÒ´«Ã½ Paris in Frankreich DELF- und DALF-Vorbereitungskurse und -Unterricht An der ÃÛÌÒ´«Ã½ Sprachschule in Paris Franz\u00f6sisch lernen Franz\u00f6sisch-Intensiv- und Semi-Intensivkurse[\/vc_column_text][vc_btn title=&#8220;W\u00e4hlen Sie Ihren Kurs&#8220; shape=&#8220;square&#8220; color=&#8220;orange&#8220; align=&#8220;center&#8220; link=&#8220;url:%23adult-courses|||&#8220;][\/vc_column][\/vc_row][vc_row][vc_column][vc_column_text] Franz\u00f6sischkurs in Paris [\/vc_column_text][vc_row_inner el_id=&#8220;adult-courses&#8220;][vc_column_inner [&hellip;]<\/p>\n","protected":false},"author":10,"featured_media":0,"parent":0,"menu_order":0,"comment_status":"closed","ping_status":"closed","template":"","meta":{"_acf_changed":false,"footnotes":""},"class_list":["post-5804","page","type-page","status-publish","hentry"],"acf":[],"yoast_head":"<!-- This site is optimized with the Yoast SEO Premium plugin v27.4 (Yoast SEO v27.4) - https:\/\/yoast.com\/product\/yoast-seo-premium-wordpress\/ -->\n<title>Franz\u00f6sischkurs in Paris - Accord Paris<\/title>\n<meta name=\"description\" content=\"Melden Sie sich beim Franz\u00f6sischkurs in Paris f\u00fcr Erwachsene an. Kurseauswahl nach Ihrem Niveau. Qualit\u00e4tskurse. Anerkannte Schule.\" \/>\n<meta name=\"robots\" content=\"index, follow, max-snippet:-1, max-image-preview:large, max-video-preview:-1\" \/>\n<link rel=\"canonical\" href=\"https:\/\/www.accord-langues.com\/de\/franzoesischkurs-in-paris\/\" \/>\n<meta property=\"og:locale\" content=\"de_DE\" \/>\n<meta property=\"og:type\" content=\"article\" \/>\n<meta property=\"og:title\" content=\"Franz\u00f6sischkurs in Paris\" \/>\n<meta property=\"og:description\" content=\"Melden Sie sich beim Franz\u00f6sischkurs in Paris f\u00fcr Erwachsene an. Kurseauswahl nach Ihrem Niveau. Qualit\u00e4tskurse. Anerkannte Schule.\" \/>\n<meta property=\"og:url\" content=\"https:\/\/www.accord-langues.com\/de\/franzoesischkurs-in-paris\/\" \/>\n<meta property=\"og:site_name\" content=\"Accord Paris\" \/>\n<meta property=\"article:publisher\" content=\"https:\/\/www.facebook.com\/accordecoledelangues\" \/>\n<meta property=\"article:modified_time\" content=\"2026-03-25T09:01:03+00:00\" \/>\n<meta property=\"og:image\" content=\"https:\/\/www.accord-langues.com\/wp-content\/uploads\/2024\/02\/ÃÛÌÒ´«Ã½-French-Language-School-in-Paris-low-res.jpg\" \/>\n\t<meta property=\"og:image:width\" content=\"1200\" \/>\n\t<meta property=\"og:image:height\" content=\"867\" \/>\n\t<meta property=\"og:image:type\" content=\"image\/jpeg\" \/>\n<meta name=\"twitter:card\" content=\"summary_large_image\" \/>\n<meta name=\"twitter:label1\" content=\"Gesch\u00e4tzte Lesezeit\" \/>\n\t<meta name=\"twitter:data1\" content=\"2\u00a0Minuten\" \/>\n<script type=\"application\/ld+json\" class=\"yoast-schema-graph\">{\"@context\":\"https:\\\/\\\/schema.org\",\"@graph\":[{\"@type\":\"WebPage\",\"@id\":\"https:\\\/\\\/www.accord-langues.com\\\/de\\\/franzoesischkurs-in-paris\\\/\",\"url\":\"https:\\\/\\\/www.accord-langues.com\\\/de\\\/franzoesischkurs-in-paris\\\/\",\"name\":\"Franz\u00f6sischkurs in Paris - Accord Paris\",\"isPartOf\":{\"@id\":\"https:\\\/\\\/www.accord-langues.com\\\/de\\\/#website\"},\"datePublished\":\"2016-06-23T12:20:37+00:00\",\"dateModified\":\"2026-03-25T09:01:03+00:00\",\"description\":\"Melden Sie sich beim Franz\u00f6sischkurs in Paris f\u00fcr Erwachsene an. Kurseauswahl nach Ihrem Niveau. Qualit\u00e4tskurse. Anerkannte Schule.\",\"inLanguage\":\"de\",\"potentialAction\":[{\"@type\":\"ReadAction\",\"target\":[\"https:\\\/\\\/www.accord-langues.com\\\/de\\\/franzoesischkurs-in-paris\\\/\"]}]},{\"@type\":\"WebSite\",\"@id\":\"https:\\\/\\\/www.accord-langues.com\\\/de\\\/#website\",\"url\":\"https:\\\/\\\/www.accord-langues.com\\\/de\\\/\",\"name\":\"Accord Paris\",\"description\":\"Learn French in France\",\"publisher\":{\"@id\":\"https:\\\/\\\/www.accord-langues.com\\\/de\\\/#organization\"},\"potentialAction\":[{\"@type\":\"SearchAction\",\"target\":{\"@type\":\"EntryPoint\",\"urlTemplate\":\"https:\\\/\\\/www.accord-langues.com\\\/de\\\/?s={search_term_string}\"},\"query-input\":{\"@type\":\"PropertyValueSpecification\",\"valueRequired\":true,\"valueName\":\"search_term_string\"}}],\"inLanguage\":\"de\"},{\"@type\":\"Organization\",\"@id\":\"https:\\\/\\\/www.accord-langues.com\\\/de\\\/#organization\",\"name\":\"ÃÛÌÒ´«Ã½ Tour Eiffel\",\"alternateName\":\"Learn French in Paris\",\"url\":\"https:\\\/\\\/www.accord-langues.com\\\/de\\\/\",\"logo\":{\"@type\":\"ImageObject\",\"inLanguage\":\"de\",\"@id\":\"https:\\\/\\\/www.accord-langues.com\\\/de\\\/#\\\/schema\\\/logo\\\/image\\\/\",\"url\":\"https:\\\/\\\/www.accord-langues.com\\\/wp-content\\\/uploads\\\/2016\\\/06\\\/Logo.png\",\"contentUrl\":\"https:\\\/\\\/www.accord-langues.com\\\/wp-content\\\/uploads\\\/2016\\\/06\\\/Logo.png\",\"width\":290,\"height\":70,\"caption\":\"ÃÛÌÒ´«Ã½ Tour Eiffel\"},\"image\":{\"@id\":\"https:\\\/\\\/www.accord-langues.com\\\/de\\\/#\\\/schema\\\/logo\\\/image\\\/\"},\"sameAs\":[\"https:\\\/\\\/www.facebook.com\\\/accordecoledelangues\",\"https:\\\/\\\/www.linkedin.com\\\/groups\\\/4542133\\\/\"],\"description\":\"ÃÛÌÒ´«Ã½ French Language School is one of the leading schools in France for teaching French to foreign students and offering high quality French language courses in Paris. The ÃÛÌÒ´«Ã½ language school is located in the heart of Paris, nearby the Eiffel Tower. The ÃÛÌÒ´«Ã½ school is open all year round and welcomes students from all over the world from the age of 16 in its French language courses. ÃÛÌÒ´«Ã½ school is accredited by the official \u201cQualit\u00e9 FLE\u201d label and is member of CAMPUS FRANCE, SOUFFLE and Atout France. ÃÛÌÒ´«Ã½ is official exam center for the TCF IRN, TCF TP, TCF Qu\u00e9bec and TCF Canada.\",\"email\":\"info@accord-langues.com\",\"telephone\":\"+33155335233\",\"legalName\":\"FORUM ÃÛÌÒ´«Ã½\",\"foundingDate\":\"1990-02-23\",\"numberOfEmployees\":{\"@type\":\"QuantitativeValue\",\"minValue\":\"11\",\"maxValue\":\"50\"}}]}<\/script>\n<!-- \/ Yoast SEO Premium plugin. -->","yoast_head_json":{"title":"Franz\u00f6sischkurs in Paris - Accord Paris","description":"Melden Sie sich beim Franz\u00f6sischkurs in Paris f\u00fcr Erwachsene an. Kurseauswahl nach Ihrem Niveau. Qualit\u00e4tskurse. Anerkannte Schule.","robots":{"index":"index","follow":"follow","max-snippet":"max-snippet:-1","max-image-preview":"max-image-preview:large","max-video-preview":"max-video-preview:-1"},"canonical":"https:\/\/www.accord-langues.com\/de\/franzoesischkurs-in-paris\/","og_locale":"de_DE","og_type":"article","og_title":"Franz\u00f6sischkurs in Paris","og_description":"Melden Sie sich beim Franz\u00f6sischkurs in Paris f\u00fcr Erwachsene an. Kurseauswahl nach Ihrem Niveau. Qualit\u00e4tskurse. Anerkannte Schule.","og_url":"https:\/\/www.accord-langues.com\/de\/franzoesischkurs-in-paris\/","og_site_name":"Accord Paris","article_publisher":"https:\/\/www.facebook.com\/accordecoledelangues","article_modified_time":"2026-03-25T09:01:03+00:00","og_image":[{"width":1200,"height":867,"url":"https:\/\/www.accord-langues.com\/wp-content\/uploads\/2024\/02\/ÃÛÌÒ´«Ã½-French-Language-School-in-Paris-low-res.jpg","type":"image\/jpeg"}],"twitter_card":"summary_large_image","twitter_misc":{"Gesch\u00e4tzte Lesezeit":"2\u00a0Minuten"},"schema":{"@context":"https:\/\/schema.org","@graph":[{"@type":"WebPage","@id":"https:\/\/www.accord-langues.com\/de\/franzoesischkurs-in-paris\/","url":"https:\/\/www.accord-langues.com\/de\/franzoesischkurs-in-paris\/","name":"Franz\u00f6sischkurs in Paris - Accord Paris","isPartOf":{"@id":"https:\/\/www.accord-langues.com\/de\/#website"},"datePublished":"2016-06-23T12:20:37+00:00","dateModified":"2026-03-25T09:01:03+00:00","description":"Melden Sie sich beim Franz\u00f6sischkurs in Paris f\u00fcr Erwachsene an. Kurseauswahl nach Ihrem Niveau. Qualit\u00e4tskurse. Anerkannte Schule.","inLanguage":"de","potentialAction":[{"@type":"ReadAction","target":["https:\/\/www.accord-langues.com\/de\/franzoesischkurs-in-paris\/"]}]},{"@type":"WebSite","@id":"https:\/\/www.accord-langues.com\/de\/#website","url":"https:\/\/www.accord-langues.com\/de\/","name":"Accord Paris","description":"Learn French in France","publisher":{"@id":"https:\/\/www.accord-langues.com\/de\/#organization"},"potentialAction":[{"@type":"SearchAction","target":{"@type":"EntryPoint","urlTemplate":"https:\/\/www.accord-langues.com\/de\/?s={search_term_string}"},"query-input":{"@type":"PropertyValueSpecification","valueRequired":true,"valueName":"search_term_string"}}],"inLanguage":"de"},{"@type":"Organization","@id":"https:\/\/www.accord-langues.com\/de\/#organization","name":"ÃÛÌÒ´«Ã½ Tour Eiffel","alternateName":"Learn French in Paris","url":"https:\/\/www.accord-langues.com\/de\/","logo":{"@type":"ImageObject","inLanguage":"de","@id":"https:\/\/www.accord-langues.com\/de\/#\/schema\/logo\/image\/","url":"https:\/\/www.accord-langues.com\/wp-content\/uploads\/2016\/06\/Logo.png","contentUrl":"https:\/\/www.accord-langues.com\/wp-content\/uploads\/2016\/06\/Logo.png","width":290,"height":70,"caption":"ÃÛÌÒ´«Ã½ Tour Eiffel"},"image":{"@id":"https:\/\/www.accord-langues.com\/de\/#\/schema\/logo\/image\/"},"sameAs":["https:\/\/www.facebook.com\/accordecoledelangues","https:\/\/www.linkedin.com\/groups\/4542133\/"],"description":"ÃÛÌÒ´«Ã½ French Language School is one of the leading schools in France for teaching French to foreign students and offering high quality French language courses in Paris. The ÃÛÌÒ´«Ã½ language school is located in the heart of Paris, nearby the Eiffel Tower. The ÃÛÌÒ´«Ã½ school is open all year round and welcomes students from all over the world from the age of 16 in its French language courses. ÃÛÌÒ´«Ã½ school is accredited by the official \u201cQualit\u00e9 FLE\u201d label and is member of CAMPUS FRANCE, SOUFFLE and Atout France. ÃÛÌÒ´«Ã½ is official exam center for the TCF IRN, TCF TP, TCF Qu\u00e9bec and TCF Canada.","email":"info@accord-langues.com","telephone":"+33155335233","legalName":"FORUM ÃÛÌÒ´«Ã½","foundingDate":"1990-02-23","numberOfEmployees":{"@type":"QuantitativeValue","minValue":"11","maxValue":"50"}}]}},"_links":{"self":[{"href":"https:\/\/www.accord-langues.com\/de\/wp-json\/wp\/v2\/pages\/5804","targetHints":{"allow":["GET"]}}],"collection":[{"href":"https:\/\/www.accord-langues.com\/de\/wp-json\/wp\/v2\/pages"}],"about":[{"href":"https:\/\/www.accord-langues.com\/de\/wp-json\/wp\/v2\/types\/page"}],"author":[{"embeddable":true,"href":"https:\/\/www.accord-langues.com\/de\/wp-json\/wp\/v2\/users\/10"}],"replies":[{"embeddable":true,"href":"https:\/\/www.accord-langues.com\/de\/wp-json\/wp\/v2\/comments?post=5804"}],"version-history":[{"count":2,"href":"https:\/\/www.accord-langues.com\/de\/wp-json\/wp\/v2\/pages\/5804\/revisions"}],"predecessor-version":[{"id":26077,"href":"https:\/\/www.accord-langues.com\/de\/wp-json\/wp\/v2\/pages\/5804\/revisions\/26077"}],"wp:attachment":[{"href":"https:\/\/www.accord-langues.com\/de\/wp-json\/wp\/v2\/media?parent=5804"}],"curies":[{"name":"wp","href":"https:\/\/api.w.org\/{rel}","templated":true}]}}